{"id":57,"date":"2021-12-21T12:46:54","date_gmt":"2021-12-21T11:46:54","guid":{"rendered":"https:\/\/sante-iledenoirmoutier.com\/?page_id=57"},"modified":"2025-10-08T11:07:32","modified_gmt":"2025-10-08T09:07:32","slug":"urgences","status":"publish","type":"page","link":"https:\/\/sante-iledenoirmoutier.com\/urgences\/","title":{"rendered":"Urgences"},"content":{"rendered":"<p>[et_pb_section fb_built=\u00a0\u00bb1&Prime; _builder_version=\u00a0\u00bb4.16&Prime; _module_preset=\u00a0\u00bbdefault\u00a0\u00bb background_color=\u00a0\u00bbRGBA(255,255,255,0)\u00a0\u00bb custom_padding=\u00a0\u00bb0px|||||\u00a0\u00bb global_colors_info=\u00a0\u00bb{}\u00a0\u00bb][et_pb_row _builder_version=\u00a0\u00bb4.16&Prime; _module_preset=\u00a0\u00bbdefault\u00a0\u00bb max_width=\u00a0\u00bb2560px\u00a0\u00bb custom_padding=\u00a0\u00bb0px|||||\u00a0\u00bb global_colors_info=\u00a0\u00bb{}\u00a0\u00bb][et_pb_column type=\u00a0\u00bb4_4&Prime; _builder_version=\u00a0\u00bb4.16&Prime; _module_preset=\u00a0\u00bbdefault\u00a0\u00bb global_colors_info=\u00a0\u00bb{}\u00a0\u00bb][et_pb_image src=\u00a0\u00bbhttps:\/\/sante-iledenoirmoutier.com\/storage\/2022\/04\/urgence-noirmoutier.jpg\u00a0\u00bb title_text=\u00a0\u00bburgence-noirmoutier\u00a0\u00bb disabled_on=\u00a0\u00bboff|off|off\u00a0\u00bb _builder_version=\u00a0\u00bb4.17.0&Prime; _module_preset=\u00a0\u00bbdefault\u00a0\u00bb global_colors_info=\u00a0\u00bb{}\u00a0\u00bb][\/et_pb_image][\/et_pb_column][\/et_pb_row][et_pb_row _builder_version=\u00a0\u00bb4.16&Prime; _module_preset=\u00a0\u00bbdefault\u00a0\u00bb background_color=\u00a0\u00bb#FFFFFF\u00a0\u00bb max_width=\u00a0\u00bb2560px\u00a0\u00bb global_colors_info=\u00a0\u00bb{}\u00a0\u00bb][et_pb_column type=\u00a0\u00bb4_4&Prime; _builder_version=\u00a0\u00bb4.16&Prime; _module_preset=\u00a0\u00bbdefault\u00a0\u00bb global_colors_info=\u00a0\u00bb{}\u00a0\u00bb][et_pb_text module_class=\u00a0\u00bbtitle-bg\u00a0\u00bb _builder_version=\u00a0\u00bb4.16&Prime; _module_preset=\u00a0\u00bbdefault\u00a0\u00bb width=\u00a0\u00bb100%\u00a0\u00bb global_colors_info=\u00a0\u00bb{}\u00a0\u00bb]<\/p>\n<h1>Num\u00e9ros utiles et urgences<\/h1>\n<p>[\/et_pb_text][\/et_pb_column][\/et_pb_row][et_pb_row column_structure=\u00a0\u00bb3_5,2_5&Prime; _builder_version=\u00a0\u00bb4.16&Prime; _module_preset=\u00a0\u00bbdefault\u00a0\u00bb background_color=\u00a0\u00bb#FFFFFF\u00a0\u00bb max_width=\u00a0\u00bb2560px\u00a0\u00bb custom_padding=\u00a0\u00bb|40px||40px|false|true\u00a0\u00bb global_colors_info=\u00a0\u00bb{}\u00a0\u00bb][et_pb_column type=\u00a0\u00bb3_5&Prime; _builder_version=\u00a0\u00bb4.16&Prime; _module_preset=\u00a0\u00bbdefault\u00a0\u00bb global_colors_info=\u00a0\u00bb{}\u00a0\u00bb][et_pb_text module_class=\u00a0\u00bbdescription\u00a0\u00bb _builder_version=\u00a0\u00bb4.27.4&Prime; _module_preset=\u00a0\u00bbdefault\u00a0\u00bb hover_enabled=\u00a0\u00bb0&Prime; global_colors_info=\u00a0\u00bb{}\u00a0\u00bb sticky_enabled=\u00a0\u00bb0&Prime;]<\/p>\n<p><strong>Prise de rendez-vous en urgence :<br \/><a href=\"https:\/\/noirmoutier.rdv-sante-iledenoirmoutier.com\/\" target=\"_blank\" rel=\"noopener\">RDV m\u00e9decin urgence \u00e0 Noirmoutier<\/a><br \/><a href=\"https:\/\/barbatre.rdv-sante-iledenoirmoutier.com\/\" target=\"_blank\" rel=\"noopener\">RDV m\u00e9decin urgence \u00e0 Barb\u00e2tre<\/a><br \/><\/strong><\/p>\n<p><strong>Urgence vitale<\/strong> &gt; 15<\/p>\n<p><strong>Besoin d\u2019un m\u00e9decin<\/strong><br \/><strong>de 8h \u00e0 20h<\/strong><br \/>&gt; 02 28 10 49 00 ou 02 51 93 48 06<\/p>\n<p><strong>M\u00e9decin de garde<\/strong><br \/>les soirs et la nuit de 20h \u00e0 8h<br \/>les week-ends du samedi 12h au lundi 8h<br \/>les jours f\u00e9ri\u00e9s<br \/>&gt; <strong>116 117<\/strong><\/p>\n<p><strong>Pompiers<\/strong> &gt; 18<\/p>\n<p><strong>Violences conjugales<\/strong> &gt; 02 51 44 77 59<\/p>\n<p>[\/et_pb_text][\/et_pb_column][et_pb_column type=\u00a0\u00bb2_5&Prime; _builder_version=\u00a0\u00bb4.16&Prime; _module_preset=\u00a0\u00bbdefault\u00a0\u00bb global_colors_info=\u00a0\u00bb{}\u00a0\u00bb][et_pb_image src=\u00a0\u00bbhttps:\/\/sante-iledenoirmoutier.com\/storage\/2021\/12\/logo-opacity.svg\u00a0\u00bb title_text=\u00a0\u00bblogo-opacity\u00a0\u00bb align=\u00a0\u00bbcenter\u00a0\u00bb _builder_version=\u00a0\u00bb4.16&Prime; _module_preset=\u00a0\u00bbdefault\u00a0\u00bb global_colors_info=\u00a0\u00bb{}\u00a0\u00bb][\/et_pb_image][\/et_pb_column][\/et_pb_row][et_pb_row _builder_version=\u00a0\u00bb4.14.2&Prime; _module_preset=\u00a0\u00bbdefault\u00a0\u00bb background_color=\u00a0\u00bb#FFFFFF\u00a0\u00bb max_width=\u00a0\u00bb2560px\u00a0\u00bb custom_padding=\u00a0\u00bb40px|40px||40px|false|true\u00a0\u00bb global_module=\u00a0\u00bb235&Prime; locked=\u00a0\u00bbon\u00a0\u00bb global_colors_info=\u00a0\u00bb{}\u00a0\u00bb][et_pb_column type=\u00a0\u00bb4_4&Prime; _builder_version=\u00a0\u00bb4.16&Prime; _module_preset=\u00a0\u00bbdefault\u00a0\u00bb global_colors_info=\u00a0\u00bb{}\u00a0\u00bb][et_pb_text admin_label=\u00a0\u00bbLes professionnels de sant\u00e9\u00a0\u00bb module_class=\u00a0\u00bbtitle-purple\u00a0\u00bb _builder_version=\u00a0\u00bb4.16&Prime; _module_preset=\u00a0\u00bbdefault\u00a0\u00bb global_colors_info=\u00a0\u00bb{}\u00a0\u00bb]<\/p>\n<h2>Les professionnels de sant\u00e9<\/h2>\n<p>[\/et_pb_text][\/et_pb_column][\/et_pb_row][et_pb_row column_structure=\u00a0\u00bb1_5,1_5,1_5,1_5,1_5&Prime; use_custom_gutter=\u00a0\u00bbon\u00a0\u00bb gutter_width=\u00a0\u00bb2&Prime; module_class=\u00a0\u00bbbloc-professionnels\u00a0\u00bb _builder_version=\u00a0\u00bb4.14.4&Prime; _module_preset=\u00a0\u00bbdefault\u00a0\u00bb background_color=\u00a0\u00bb#FFFFFF\u00a0\u00bb max_width=\u00a0\u00bb2560px\u00a0\u00bb custom_padding=\u00a0\u00bb|40px||40px|false|true\u00a0\u00bb global_module=\u00a0\u00bb236&Prime; locked=\u00a0\u00bbon\u00a0\u00bb global_colors_info=\u00a0\u00bb{}\u00a0\u00bb][et_pb_column type=\u00a0\u00bb1_5&Prime; _builder_version=\u00a0\u00bb4.16&Prime; _module_preset=\u00a0\u00bbdefault\u00a0\u00bb global_colors_info=\u00a0\u00bb{}\u00a0\u00bb][et_pb_blurb title=\u00a0\u00bbM\u00e9decins\u00a0\u00bb image=\u00a0\u00bbhttps:\/\/sante-iledenoirmoutier.com\/storage\/2022\/02\/medecins-ile-de-noirmoutier.jpg\u00a0\u00bb admin_label=\u00a0\u00bbM\u00e9decins\u00a0\u00bb module_class=\u00a0\u00bbbloc-pro\u00a0\u00bb _builder_version=\u00a0\u00bb4.16&Prime; _dynamic_attributes=\u00a0\u00bblink_option_url\u00a0\u00bb _module_preset=\u00a0\u00bbdefault\u00a0\u00bb link_option_url=\u00a0\u00bb@ET-DC@eyJkeW5hbWljIjp0cnVlLCJjb250ZW50IjoicG9zdF9saW5rX3VybF9wYWdlIiwic2V0dGluZ3MiOnsicG9zdF9pZCI6IjIzMCJ9fQ==@\u00a0\u00bb global_colors_info=\u00a0\u00bb{}\u00a0\u00bb][\/et_pb_blurb][\/et_pb_column][et_pb_column type=\u00a0\u00bb1_5&Prime; _builder_version=\u00a0\u00bb4.16&Prime; _module_preset=\u00a0\u00bbdefault\u00a0\u00bb global_colors_info=\u00a0\u00bb{}\u00a0\u00bb][et_pb_blurb title=\u00a0\u00bbInfirmier(e)s\u00a0\u00bb image=\u00a0\u00bbhttps:\/\/sante-iledenoirmoutier.com\/storage\/2022\/02\/infirmieres-ile-de-noirmoutier.jpg\u00a0\u00bb admin_label=\u00a0\u00bbInfirmier(e)s\u00a0\u00bb module_class=\u00a0\u00bbbloc-pro\u00a0\u00bb _builder_version=\u00a0\u00bb4.16&Prime; _dynamic_attributes=\u00a0\u00bblink_option_url\u00a0\u00bb _module_preset=\u00a0\u00bbdefault\u00a0\u00bb link_option_url=\u00a0\u00bb@ET-DC@eyJkeW5hbWljIjp0cnVlLCJjb250ZW50IjoicG9zdF9saW5rX3VybF9wYWdlIiwic2V0dGluZ3MiOnsicG9zdF9pZCI6IjI4NiJ9fQ==@\u00a0\u00bb global_colors_info=\u00a0\u00bb{}\u00a0\u00bb][\/et_pb_blurb][\/et_pb_column][et_pb_column type=\u00a0\u00bb1_5&Prime; _builder_version=\u00a0\u00bb4.16&Prime; _module_preset=\u00a0\u00bbdefault\u00a0\u00bb global_colors_info=\u00a0\u00bb{}\u00a0\u00bb][et_pb_blurb title=\u00a0\u00bbmasseurs \/ kin\u00e9sith\u00e9rapeutes\u00a0\u00bb image=\u00a0\u00bbhttps:\/\/sante-iledenoirmoutier.com\/storage\/2022\/02\/masseurs-kine-ile-de-noirmoutier.jpg\u00a0\u00bb admin_label=\u00a0\u00bbmasseurs \/ kin\u00e9sith\u00e9rapeutes\u00a0\u00bb module_class=\u00a0\u00bbbloc-pro\u00a0\u00bb _builder_version=\u00a0\u00bb4.16&Prime; _dynamic_attributes=\u00a0\u00bblink_option_url\u00a0\u00bb _module_preset=\u00a0\u00bbdefault\u00a0\u00bb link_option_url=\u00a0\u00bb@ET-DC@eyJkeW5hbWljIjp0cnVlLCJjb250ZW50IjoicG9zdF9saW5rX3VybF9wYWdlIiwic2V0dGluZ3MiOnsicG9zdF9pZCI6IjI5NSJ9fQ==@\u00a0\u00bb global_colors_info=\u00a0\u00bb{}\u00a0\u00bb][\/et_pb_blurb][\/et_pb_column][et_pb_column type=\u00a0\u00bb1_5&Prime; _builder_version=\u00a0\u00bb4.16&Prime; _module_preset=\u00a0\u00bbdefault\u00a0\u00bb global_colors_info=\u00a0\u00bb{}\u00a0\u00bb][et_pb_blurb title=\u00a0\u00bbP\u00e9dicures \/ Podologues\u00a0\u00bb image=\u00a0\u00bbhttps:\/\/sante-iledenoirmoutier.com\/storage\/2022\/02\/pedicures-podologues-ile-de-noirmoutier.jpg\u00a0\u00bb admin_label=\u00a0\u00bbP\u00e9dicures \/ Podologues\u00a0\u00bb module_class=\u00a0\u00bbbloc-pro\u00a0\u00bb _builder_version=\u00a0\u00bb4.16&Prime; _dynamic_attributes=\u00a0\u00bblink_option_url\u00a0\u00bb _module_preset=\u00a0\u00bbdefault\u00a0\u00bb link_option_url=\u00a0\u00bb@ET-DC@eyJkeW5hbWljIjp0cnVlLCJjb250ZW50IjoicG9zdF9saW5rX3VybF9wYWdlIiwic2V0dGluZ3MiOnsicG9zdF9pZCI6IjMwMyJ9fQ==@\u00a0\u00bb global_colors_info=\u00a0\u00bb{}\u00a0\u00bb][\/et_pb_blurb][\/et_pb_column][et_pb_column type=\u00a0\u00bb1_5&Prime; _builder_version=\u00a0\u00bb4.16&Prime; _module_preset=\u00a0\u00bbdefault\u00a0\u00bb global_colors_info=\u00a0\u00bb{}\u00a0\u00bb][et_pb_blurb title=\u00a0\u00bbSages-femmes\u00a0\u00bb image=\u00a0\u00bbhttps:\/\/sante-iledenoirmoutier.com\/storage\/2022\/02\/sage-femme-ile-de-noirmoutier.jpg\u00a0\u00bb admin_label=\u00a0\u00bbSages-femmes\u00a0\u00bb module_class=\u00a0\u00bbbloc-pro\u00a0\u00bb _builder_version=\u00a0\u00bb4.16&Prime; _dynamic_attributes=\u00a0\u00bblink_option_url\u00a0\u00bb _module_preset=\u00a0\u00bbdefault\u00a0\u00bb link_option_url=\u00a0\u00bb@ET-DC@eyJkeW5hbWljIjp0cnVlLCJjb250ZW50IjoicG9zdF9saW5rX3VybF9wYWdlIiwic2V0dGluZ3MiOnsicG9zdF9pZCI6IjMxMyJ9fQ==@\u00a0\u00bb global_colors_info=\u00a0\u00bb{}\u00a0\u00bb][\/et_pb_blurb][\/et_pb_column][\/et_pb_row][\/et_pb_section]<\/p>\n","protected":false},"excerpt":{"rendered":"<p>Num\u00e9ros utiles et urgencesPrise de rendez-vous en urgence :RDV m\u00e9decin urgence \u00e0 NoirmoutierRDV m\u00e9decin urgence \u00e0 Barb\u00e2tre Urgence vitale &gt; 15 Besoin d\u2019un m\u00e9decinde 8h \u00e0 20h&gt; 02 28 10 49 00 ou 02 51 93 48 06 M\u00e9decin de gardeles soirs et la nuit de 20h \u00e0 8hles week-ends du samedi 12h au lundi [&hellip;]<\/p>\n","protected":false},"author":1,"featured_media":0,"parent":0,"menu_order":0,"comment_status":"closed","ping_status":"closed","template":"","meta":{"_et_pb_use_builder":"on","_et_pb_old_content":"<!-- wp:divi\/placeholder \/-->","_et_gb_content_width":"","footnotes":""},"class_list":["post-57","page","type-page","status-publish","hentry"],"yoast_head":"<!-- This site is optimized with the Yoast SEO plugin v26.9 - https:\/\/yoast.com\/product\/yoast-seo-wordpress\/ -->\n<title>Urgences - Les maisons de sant\u00e9 pluridisciplinaires de l\u2019\u00eele de Noirmoutier<\/title>\n<meta name=\"robots\" content=\"index, follow, max-snippet:-1, max-image-preview:large, max-video-preview:-1\" \/>\n<link rel=\"canonical\" href=\"https:\/\/sante-iledenoirmoutier.com\/urgences\/\" \/>\n<meta property=\"og:locale\" content=\"fr_FR\" \/>\n<meta property=\"og:type\" content=\"article\" \/>\n<meta property=\"og:title\" content=\"Urgences - Les maisons de sant\u00e9 pluridisciplinaires de l\u2019\u00eele de Noirmoutier\" \/>\n<meta property=\"og:description\" content=\"Num\u00e9ros utiles et urgencesPrise de rendez-vous en urgence :RDV m\u00e9decin urgence \u00e0 NoirmoutierRDV m\u00e9decin urgence \u00e0 Barb\u00e2tre Urgence vitale &gt; 15 Besoin d\u2019un m\u00e9decinde 8h \u00e0 20h&gt; 02 28 10 49 00 ou 02 51 93 48 06 M\u00e9decin de gardeles soirs et la nuit de 20h \u00e0 8hles week-ends du samedi 12h au lundi [&hellip;]\" \/>\n<meta property=\"og:url\" content=\"https:\/\/sante-iledenoirmoutier.com\/urgences\/\" \/>\n<meta property=\"og:site_name\" content=\"Les maisons de sant\u00e9 pluridisciplinaires de l\u2019\u00eele de Noirmoutier\" \/>\n<meta property=\"article:modified_time\" content=\"2025-10-08T09:07:32+00:00\" \/>\n<meta name=\"twitter:card\" content=\"summary_large_image\" \/>\n<meta name=\"twitter:label1\" content=\"Dur\u00e9e de lecture estim\u00e9e\" \/>\n\t<meta name=\"twitter:data1\" content=\"2 minutes\" \/>\n<script type=\"application\/ld+json\" class=\"yoast-schema-graph\">{\"@context\":\"https:\/\/schema.org\",\"@graph\":[{\"@type\":\"WebPage\",\"@id\":\"https:\/\/sante-iledenoirmoutier.com\/urgences\/\",\"url\":\"https:\/\/sante-iledenoirmoutier.com\/urgences\/\",\"name\":\"Urgences - Les maisons de sant\u00e9 pluridisciplinaires de l\u2019\u00eele de Noirmoutier\",\"isPartOf\":{\"@id\":\"https:\/\/sante-iledenoirmoutier.com\/#website\"},\"datePublished\":\"2021-12-21T11:46:54+00:00\",\"dateModified\":\"2025-10-08T09:07:32+00:00\",\"inLanguage\":\"fr-FR\",\"potentialAction\":[{\"@type\":\"ReadAction\",\"target\":[\"https:\/\/sante-iledenoirmoutier.com\/urgences\/\"]}]},{\"@type\":\"WebSite\",\"@id\":\"https:\/\/sante-iledenoirmoutier.com\/#website\",\"url\":\"https:\/\/sante-iledenoirmoutier.com\/\",\"name\":\"Les maisons de sant\u00e9 pluridisciplinaires de l\u2019\u00eele de Noirmoutier\",\"description\":\"Maisons de sant\u00e9\",\"potentialAction\":[{\"@type\":\"SearchAction\",\"target\":{\"@type\":\"EntryPoint\",\"urlTemplate\":\"https:\/\/sante-iledenoirmoutier.com\/?s={search_term_string}\"},\"query-input\":{\"@type\":\"PropertyValueSpecification\",\"valueRequired\":true,\"valueName\":\"search_term_string\"}}],\"inLanguage\":\"fr-FR\"}]}<\/script>\n<!-- \/ Yoast SEO plugin. -->","yoast_head_json":{"title":"Urgences - Les maisons de sant\u00e9 pluridisciplinaires de l\u2019\u00eele de Noirmoutier","robots":{"index":"index","follow":"follow","max-snippet":"max-snippet:-1","max-image-preview":"max-image-preview:large","max-video-preview":"max-video-preview:-1"},"canonical":"https:\/\/sante-iledenoirmoutier.com\/urgences\/","og_locale":"fr_FR","og_type":"article","og_title":"Urgences - Les maisons de sant\u00e9 pluridisciplinaires de l\u2019\u00eele de Noirmoutier","og_description":"Num\u00e9ros utiles et urgencesPrise de rendez-vous en urgence :RDV m\u00e9decin urgence \u00e0 NoirmoutierRDV m\u00e9decin urgence \u00e0 Barb\u00e2tre Urgence vitale &gt; 15 Besoin d\u2019un m\u00e9decinde 8h \u00e0 20h&gt; 02 28 10 49 00 ou 02 51 93 48 06 M\u00e9decin de gardeles soirs et la nuit de 20h \u00e0 8hles week-ends du samedi 12h au lundi [&hellip;]","og_url":"https:\/\/sante-iledenoirmoutier.com\/urgences\/","og_site_name":"Les maisons de sant\u00e9 pluridisciplinaires de l\u2019\u00eele de Noirmoutier","article_modified_time":"2025-10-08T09:07:32+00:00","twitter_card":"summary_large_image","twitter_misc":{"Dur\u00e9e de lecture estim\u00e9e":"2 minutes"},"schema":{"@context":"https:\/\/schema.org","@graph":[{"@type":"WebPage","@id":"https:\/\/sante-iledenoirmoutier.com\/urgences\/","url":"https:\/\/sante-iledenoirmoutier.com\/urgences\/","name":"Urgences - Les maisons de sant\u00e9 pluridisciplinaires de l\u2019\u00eele de Noirmoutier","isPartOf":{"@id":"https:\/\/sante-iledenoirmoutier.com\/#website"},"datePublished":"2021-12-21T11:46:54+00:00","dateModified":"2025-10-08T09:07:32+00:00","inLanguage":"fr-FR","potentialAction":[{"@type":"ReadAction","target":["https:\/\/sante-iledenoirmoutier.com\/urgences\/"]}]},{"@type":"WebSite","@id":"https:\/\/sante-iledenoirmoutier.com\/#website","url":"https:\/\/sante-iledenoirmoutier.com\/","name":"Les maisons de sant\u00e9 pluridisciplinaires de l\u2019\u00eele de Noirmoutier","description":"Maisons de sant\u00e9","potentialAction":[{"@type":"SearchAction","target":{"@type":"EntryPoint","urlTemplate":"https:\/\/sante-iledenoirmoutier.com\/?s={search_term_string}"},"query-input":{"@type":"PropertyValueSpecification","valueRequired":true,"valueName":"search_term_string"}}],"inLanguage":"fr-FR"}]}},"_links":{"self":[{"href":"https:\/\/sante-iledenoirmoutier.com\/api\/wp\/v2\/pages\/57","targetHints":{"allow":["GET"]}}],"collection":[{"href":"https:\/\/sante-iledenoirmoutier.com\/api\/wp\/v2\/pages"}],"about":[{"href":"https:\/\/sante-iledenoirmoutier.com\/api\/wp\/v2\/types\/page"}],"author":[{"embeddable":true,"href":"https:\/\/sante-iledenoirmoutier.com\/api\/wp\/v2\/users\/1"}],"replies":[{"embeddable":true,"href":"https:\/\/sante-iledenoirmoutier.com\/api\/wp\/v2\/comments?post=57"}],"version-history":[{"count":11,"href":"https:\/\/sante-iledenoirmoutier.com\/api\/wp\/v2\/pages\/57\/revisions"}],"predecessor-version":[{"id":794,"href":"https:\/\/sante-iledenoirmoutier.com\/api\/wp\/v2\/pages\/57\/revisions\/794"}],"wp:attachment":[{"href":"https:\/\/sante-iledenoirmoutier.com\/api\/wp\/v2\/media?parent=57"}],"curies":[{"name":"wp","href":"https:\/\/api.w.org\/{rel}","templated":true}]}}